{"id":2417,"date":"2023-05-27T13:13:24","date_gmt":"2023-05-27T13:13:24","guid":{"rendered":"http:\/\/lo5.szczecin.pl\/?page_id=2417"},"modified":"2025-07-14T05:27:41","modified_gmt":"2025-07-14T05:27:41","slug":"profile-w-roku-szkolnym-2022-2023","status":"publish","type":"page","link":"https:\/\/lo5.szczecin.pl\/?page_id=2417","title":{"rendered":"Profile"},"content":{"rendered":"<div class=\"page-header\">\n<h2>Profile w roku szkolny 2025\/2026<\/h2>\n<table style=\"width: 99.4007%; height: 480px;\">\n<tbody>\n<tr style=\"height: 24px;\">\n<td style=\"width: 7.44048%; height: 24px;\"><strong>Klasa<\/strong><\/td>\n<td style=\"width: 49.0854%; height: 24px;\"><strong>Profil<\/strong><\/td>\n<td style=\"width: 55.6956%; height: 24px;\"><strong>Wychowawca<\/strong><\/td>\n<\/tr>\n<tr style=\"height: 24px;\">\n<td style=\"width: 7.44048%; height: 24px;\"><strong>1A<\/strong><\/td>\n<td style=\"width: 49.0854%;\"><strong>matematyczno-geograficzny, dwuj\u0119zyczny<\/strong><\/td>\n<td style=\"width: 55.6956%; height: 24px;\"><strong>Julita Kowalczyk<\/strong><\/td>\n<\/tr>\n<tr style=\"height: 24px;\">\n<td style=\"width: 7.44048%; height: 24px;\"><strong>1B<\/strong><\/td>\n<td style=\"width: 49.0854%;\"><strong>matematyczno-fizyczno-informatyczny<\/strong><\/td>\n<td style=\"width: 55.6956%; height: 24px;\"><strong>Marzena Nowosad<\/strong><\/td>\n<\/tr>\n<tr style=\"height: 24px;\">\n<td style=\"width: 7.44048%; height: 24px;\"><strong>1C<\/strong><\/td>\n<td style=\"width: 49.0854%; height: 24px;\"><strong>biologiczno-chemiczna<\/strong><\/td>\n<td style=\"width: 55.6956%; height: 24px;\"><strong>Ewa Szkibiel<\/strong><\/td>\n<\/tr>\n<tr style=\"height: 24px;\">\n<td style=\"width: 7.44048%; height: 24px;\"><strong>1D<\/strong><\/td>\n<td style=\"width: 49.0854%; height: 24px;\"><strong>matematyczno-biologiczna<\/strong><\/td>\n<td style=\"width: 55.6956%; height: 24px;\"><strong>Anna Kierzkowska-St\u0119pkowska<\/strong><\/td>\n<\/tr>\n<tr style=\"height: 24px;\">\n<td style=\"width: 7.44048%; height: 24px;\"><strong>2A<br \/>\n<\/strong><\/td>\n<td style=\"width: 49.0854%; height: 24px;\"><strong>matematyczno-geograficzny, dwuj\u0119zyczny<\/strong><\/td>\n<td style=\"width: 55.6956%; height: 24px;\"><strong>Pawe\u0142 Koprowicz<br \/>\n<\/strong><\/td>\n<\/tr>\n<tr style=\"height: 24px;\">\n<td style=\"width: 7.44048%; height: 24px;\"><strong>2B<br \/>\n<\/strong><\/td>\n<td style=\"width: 49.0854%; height: 24px;\"><strong>matematyczno-fizyczno-informatyczny<\/strong><\/td>\n<td style=\"width: 55.6956%; height: 24px;\"><strong>Zofia Fenrych<br \/>\n<\/strong><\/td>\n<\/tr>\n<tr style=\"height: 24px;\">\n<td style=\"width: 7.44048%; height: 24px;\"><strong>2C<br \/>\n<\/strong><\/td>\n<td style=\"width: 49.0854%; height: 24px;\"><strong>1Ch biologiczno-chemiczna \/ 1Cm matematyczno-biologiczna<br \/>\n<\/strong><\/td>\n<td style=\"width: 55.6956%; height: 24px;\"><strong>S\u0142awomir Muzio\u0142<br \/>\n<\/strong><\/td>\n<\/tr>\n<tr style=\"height: 24px;\">\n<td style=\"width: 7.44048%; height: 24px;\"><strong>3A<\/strong><\/td>\n<td style=\"width: 49.0854%; height: 24px;\"><strong>matematyczno-geograficzny, dwuj\u0119zyczny<\/strong><\/td>\n<td style=\"width: 55.6956%; height: 24px;\"><strong>Ewa Piechota<\/strong><\/td>\n<\/tr>\n<tr style=\"height: 24px;\">\n<td style=\"width: 7.44048%; height: 24px;\"><strong>3B<\/strong><\/td>\n<td style=\"width: 49.0854%; height: 24px;\"><strong>matematyczno-fizyczno-informatyczny<\/strong><\/td>\n<td style=\"width: 55.6956%; height: 24px;\"><strong>Angelika Sta\u0144czyk<br \/>\n<\/strong><\/td>\n<\/tr>\n<tr style=\"height: 24px;\">\n<td style=\"width: 7.44048%; height: 24px;\"><strong>3C<\/strong><\/td>\n<td style=\"width: 49.0854%; height: 24px;\"><strong>medyczny<\/strong><\/td>\n<td style=\"width: 55.6956%; height: 24px;\"><strong>Barbara Moskowicz<br \/>\n<\/strong><\/td>\n<\/tr>\n<tr style=\"height: 24px;\">\n<td style=\"width: 7.44048%; height: 24px;\"><strong>3D<\/strong><\/td>\n<td style=\"width: 49.0854%; height: 24px;\"><strong>medyczny<\/strong><\/td>\n<td style=\"width: 55.6956%; height: 24px;\"><strong>Justyna Weso\u0142owska<br \/>\n<\/strong><\/td>\n<\/tr>\n<tr style=\"height: 24px;\">\n<td style=\"width: 7.44048%; height: 24px;\"><strong>3E<\/strong><\/td>\n<td style=\"width: 49.0854%; height: 24px;\"><strong>matematyczno-biologiczny<\/strong><\/td>\n<td style=\"width: 55.6956%; height: 24px;\"><strong>Anna Misiak<br \/>\n<\/strong><\/td>\n<\/tr>\n<tr style=\"height: 24px;\">\n<td style=\"width: 7.44048%; height: 24px;\"><strong>3F<\/strong><\/td>\n<td style=\"width: 49.0854%; height: 24px;\"><strong>matematyczno-fizyczny<\/strong><\/td>\n<td style=\"width: 55.6956%; height: 24px;\"><strong>Agnieszka Kraszewska<br \/>\n<\/strong><\/td>\n<\/tr>\n<tr style=\"height: 24px;\">\n<td style=\"width: 7.44048%; height: 24px;\"><strong>4A<\/strong><\/td>\n<td style=\"width: 49.0854%; height: 24px;\"><strong>matematyczno-geograficzny, dwuj\u0119zyczny<\/strong><\/td>\n<td style=\"width: 55.6956%; height: 24px;\"><strong>Katarzyna Kowalik<\/strong><\/td>\n<\/tr>\n<tr style=\"height: 24px;\">\n<td style=\"width: 7.44048%; height: 24px;\"><strong>4B<\/strong><\/td>\n<td style=\"width: 49.0854%; height: 24px;\"><strong>matematyczno-fizyczno-informatyczny<\/strong><\/td>\n<td style=\"width: 55.6956%; height: 24px;\"><strong>Izabela Ferta\u0142a<\/strong><\/td>\n<\/tr>\n<tr style=\"height: 24px;\">\n<td style=\"width: 7.44048%; height: 24px;\"><strong>4C<\/strong><\/td>\n<td style=\"width: 49.0854%; height: 24px;\"><strong>medyczny<\/strong><\/td>\n<td style=\"width: 55.6956%; height: 24px;\"><strong>Justyna Dunin-W\u0105sowicz<br \/>\n<\/strong><\/td>\n<\/tr>\n<tr style=\"height: 24px;\">\n<td style=\"width: 7.44048%; height: 24px;\"><strong>4D<\/strong><\/td>\n<td style=\"width: 49.0854%; height: 24px;\"><strong>medyczny<\/strong><\/td>\n<td style=\"width: 55.6956%; height: 24px;\"><strong>El\u017cbieta Kacperska<br \/>\n<\/strong><\/td>\n<\/tr>\n<tr style=\"height: 24px;\">\n<td style=\"width: 7.44048%; height: 24px;\"><strong>4E<\/strong><\/td>\n<td style=\"width: 49.0854%; height: 24px;\"><strong>matematyczno-chemiczny<\/strong><\/td>\n<td style=\"width: 55.6956%; height: 24px;\"><strong>Marta M\u0142ynarczyk<\/strong><\/td>\n<\/tr>\n<tr style=\"height: 24px;\">\n<td style=\"width: 7.44048%; height: 24px;\"><strong>4F<\/strong><\/td>\n<td style=\"width: 49.0854%; height: 24px;\"><strong>matematyczno-fizyczny, dwuj\u0119zyczny<\/strong><\/td>\n<td style=\"width: 55.6956%; height: 24px;\"><strong>Agnieszka Szyma\u0144ska<\/strong><\/td>\n<\/tr>\n<\/tbody>\n<\/table>\n<\/div>\n","protected":false},"excerpt":{"rendered":"<p>Profile w roku szkolny 2025\/2026 Klasa Profil Wychowawca 1A matematyczno-geograficzny, dwuj\u0119zyczny Julita Kowalczyk 1B matematyczno-fizyczno-informatyczny Marzena Nowosad 1C biologiczno-chemiczna Ewa Szkibiel 1D matematyczno-biologiczna Anna Kierzkowska-St\u0119pkowska 2A matematyczno-geograficzny, dwuj\u0119zyczny Pawe\u0142 Koprowicz 2B matematyczno-fizyczno-informatyczny Zofia Fenrych 2C 1Ch biologiczno-chemiczna \/ 1Cm matematyczno-biologiczna S\u0142awomir Muzio\u0142 3A matematyczno-geograficzny, dwuj\u0119zyczny Ewa Piechota 3B matematyczno-fizyczno-informatyczny Angelika [&hellip;]<\/p>\n","protected":false},"author":1,"featured_media":0,"parent":2335,"menu_order":0,"comment_status":"closed","ping_status":"closed","template":"","meta":{"ngg_post_thumbnail":0,"footnotes":""},"folder":[],"class_list":["post-2417","page","type-page","status-publish","hentry"],"_links":{"self":[{"href":"https:\/\/lo5.szczecin.pl\/index.php?rest_route=\/wp\/v2\/pages\/2417","targetHints":{"allow":["GET"]}}],"collection":[{"href":"https:\/\/lo5.szczecin.pl\/index.php?rest_route=\/wp\/v2\/pages"}],"about":[{"href":"https:\/\/lo5.szczecin.pl\/index.php?rest_route=\/wp\/v2\/types\/page"}],"author":[{"embeddable":true,"href":"https:\/\/lo5.szczecin.pl\/index.php?rest_route=\/wp\/v2\/users\/1"}],"replies":[{"embeddable":true,"href":"https:\/\/lo5.szczecin.pl\/index.php?rest_route=%2Fwp%2Fv2%2Fcomments&post=2417"}],"version-history":[{"count":15,"href":"https:\/\/lo5.szczecin.pl\/index.php?rest_route=\/wp\/v2\/pages\/2417\/revisions"}],"predecessor-version":[{"id":3601,"href":"https:\/\/lo5.szczecin.pl\/index.php?rest_route=\/wp\/v2\/pages\/2417\/revisions\/3601"}],"up":[{"embeddable":true,"href":"https:\/\/lo5.szczecin.pl\/index.php?rest_route=\/wp\/v2\/pages\/2335"}],"wp:attachment":[{"href":"https:\/\/lo5.szczecin.pl\/index.php?rest_route=%2Fwp%2Fv2%2Fmedia&parent=2417"}],"wp:term":[{"taxonomy":"folder","embeddable":true,"href":"https:\/\/lo5.szczecin.pl\/index.php?rest_route=%2Fwp%2Fv2%2Ffolder&post=2417"}],"curies":[{"name":"wp","href":"https:\/\/api.w.org\/{rel}","templated":true}]}}